{"id":8,"date":"2019-07-27T16:59:03","date_gmt":"2019-07-27T16:59:03","guid":{"rendered":"http:\/\/www.hudci.cz\/?page_id=8"},"modified":"2026-04-25T07:39:50","modified_gmt":"2026-04-25T07:39:50","slug":"domu","status":"publish","type":"page","link":"https:\/\/www.hudci.cz\/","title":{"rendered":""},"content":{"rendered":"\n<h1 class=\"wp-block-heading\"><strong>MUZIKA<\/strong><\/h1>\n\n\n\n<p>St\u00e1lice na folklorn\u00ed sc\u00e9n\u011b, Cimb\u00e1lov\u00e1 muzika Hudci z Kyjova, pro V\u00e1s hraje a zp\u00edv\u00e1 lidov\u00e9 a jin\u00e9 p\u00edsn\u011b v tradi\u010dn\u00ed a z\u00e1rove\u0148 neot\u0159el\u00e9 stylizaci ji\u017e 30 let.<\/p>\n\n\n\n<p>P\u0159ij\u010fte i Vy ochutnat z na\u0161eho hudebn\u00edho menu sev\u00edrovan\u00e9ho na n\u011bkter\u00e9 z ve\u0159ejn\u00fdch produkc\u00ed kapely. R\u00e1di zahrajeme pr\u00e1v\u011b tu Va\u0161i obl\u00edbenou!<\/p>\n\n\n\n<p>V tomto roce muzika slav\u00ed 30. v\u00fdro\u010d\u00ed od sv\u00e9ho zalo\u017een\u00ed. P\u0159ij\u010fte s n\u00e1mi i vy oslavit toto kr\u00e1sn\u00e9 jubileum na n\u011bkter\u00fd z na\u0161ich koncert\u016f.<\/p>\n\n\n\n<p><\/p>\n\n\n\n<h1 class=\"wp-block-heading\"><strong>VE\u0158EJN\u00c1 VYSTOUPEN\u00cd <\/strong><\/h1>\n\n\n\n<p>&#8212;&#8212;&#8212;&#8212;&#8212;- 2026 &#8212;&#8212;&#8212;&#8212;&#8212;-<\/p>\n\n\n\n<h3 class=\"wp-block-heading\"><strong>Reprezenta\u010dn\u00ed ples m\u011bsta Sezimovo \u00dast\u00ed<\/strong><\/h3>\n\n\n\n<p><a href=\"https:\/\/kultura.sezimovo-usti.cz\/akce\/22573\" data-type=\"link\" data-id=\"https:\/\/www.kultura.sezimovo-usti.cz\/event\/205072\/reprezentacni-ples-mesta-sezimovo-usti\">10. 1. 2026, 21.30, Wellness hotel MAS, Sezimovo \u00dast\u00ed<\/a><\/p>\n\n\n\n<figure class=\"wp-block-image size-full\"><img loading=\"lazy\" decoding=\"async\" width=\"768\" height=\"1086\" src=\"https:\/\/www.hudci.cz\/wp-content\/uploads\/2026\/03\/sezimovo2026.jpg\" alt=\"\" class=\"wp-image-257\" srcset=\"https:\/\/www.hudci.cz\/wp-content\/uploads\/2026\/03\/sezimovo2026.jpg 768w, https:\/\/www.hudci.cz\/wp-content\/uploads\/2026\/03\/sezimovo2026-212x300.jpg 212w, https:\/\/www.hudci.cz\/wp-content\/uploads\/2026\/03\/sezimovo2026-724x1024.jpg 724w\" sizes=\"auto, (max-width: 767px) 89vw, (max-width: 1000px) 54vw, (max-width: 1071px) 543px, 580px\" \/><\/figure>\n\n\n\n<h3 class=\"wp-block-heading\"><strong>X. Reprezenta\u010dn\u00ed ples Domova Horizont<\/strong><\/h3>\n\n\n\n<p><a href=\"https:\/\/www.mestokyjov.cz\/kalendar-akci\/887-10-reprezentacni-ples-domova-horizont\" data-type=\"link\" data-id=\"https:\/\/www.kultura.sezimovo-usti.cz\/event\/205072\/reprezentacni-ples-mesta-sezimovo-usti\">24. 1. 2026, 19.00, DK Kyjov<\/a><\/p>\n\n\n\n<figure class=\"wp-block-image size-full\"><img loading=\"lazy\" decoding=\"async\" width=\"768\" height=\"543\" src=\"https:\/\/www.hudci.cz\/wp-content\/uploads\/2026\/03\/horizont2026.jpg\" alt=\"\" class=\"wp-image-258\" srcset=\"https:\/\/www.hudci.cz\/wp-content\/uploads\/2026\/03\/horizont2026.jpg 768w, https:\/\/www.hudci.cz\/wp-content\/uploads\/2026\/03\/horizont2026-300x212.jpg 300w\" sizes=\"auto, (max-width: 767px) 89vw, (max-width: 1000px) 54vw, (max-width: 1071px) 543px, 580px\" \/><\/figure>\n\n\n\n<p><\/p>\n\n\n\n<p><strong>V\u00ddSTAVA V\u00cdN MORAVANY<\/strong><\/p>\n\n\n\n<p><a href=\"https:\/\/www.moravanyubrna.cz\/volny-cas\/vystava-vin-moravany-0\" data-type=\"link\" data-id=\"https:\/\/www.kultura.sezimovo-usti.cz\/event\/205072\/reprezentacni-ples-mesta-sezimovo-usti\">28. 2. 2026, 16.00, s\u00e1l Moravsk\u00e9 rychty, Moravany<\/a><\/p>\n\n\n\n<figure class=\"wp-block-image size-full\"><img loading=\"lazy\" decoding=\"async\" width=\"768\" height=\"546\" src=\"https:\/\/www.hudci.cz\/wp-content\/uploads\/2026\/03\/moravany2026.jpg\" alt=\"\" class=\"wp-image-259\" srcset=\"https:\/\/www.hudci.cz\/wp-content\/uploads\/2026\/03\/moravany2026.jpg 768w, https:\/\/www.hudci.cz\/wp-content\/uploads\/2026\/03\/moravany2026-300x213.jpg 300w\" sizes=\"auto, (max-width: 767px) 89vw, (max-width: 1000px) 54vw, (max-width: 1071px) 543px, 580px\" \/><\/figure>\n\n\n\n<p><\/p>\n\n\n\n<p><strong>GOURMET MENU<\/strong><\/p>\n\n\n\n<p><a href=\"https:\/\/www.kravihora.cz\/en\/gourmer-menu\" data-type=\"link\" data-id=\"https:\/\/www.kultura.sezimovo-usti.cz\/event\/205072\/reprezentacni-ples-mesta-sezimovo-usti\">7. 3. 2026, 18.00, Hotel Krav\u00ed hora<\/a><\/p>\n\n\n\n<figure class=\"wp-block-image size-full\"><img loading=\"lazy\" decoding=\"async\" width=\"768\" height=\"350\" src=\"https:\/\/www.hudci.cz\/wp-content\/uploads\/2026\/03\/gourmet2026.jpg\" alt=\"\" class=\"wp-image-260\" srcset=\"https:\/\/www.hudci.cz\/wp-content\/uploads\/2026\/03\/gourmet2026.jpg 768w, https:\/\/www.hudci.cz\/wp-content\/uploads\/2026\/03\/gourmet2026-300x137.jpg 300w\" sizes=\"auto, (max-width: 767px) 89vw, (max-width: 1000px) 54vw, (max-width: 1071px) 543px, 580px\" \/><\/figure>\n\n\n\n<p><\/p>\n\n\n\n<p><strong>JOSEFSK\u00dd KO\u0160T V\u00cdN KYJOV<\/strong><\/p>\n\n\n\n<p><a href=\"https:\/\/www.mestokyjov.cz\/kalendar-akci\/947-josefsky-kost\" data-type=\"link\" data-id=\"https:\/\/www.kultura.sezimovo-usti.cz\/event\/205072\/reprezentacni-ples-mesta-sezimovo-usti\">24. 3. 2026, 16.00, s\u00e1l MKS Kyjov<\/a><\/p>\n\n\n\n<figure class=\"wp-block-image size-full\"><img loading=\"lazy\" decoding=\"async\" width=\"768\" height=\"1087\" src=\"https:\/\/www.hudci.cz\/wp-content\/uploads\/2026\/03\/kost2026.jpg\" alt=\"\" class=\"wp-image-261\" srcset=\"https:\/\/www.hudci.cz\/wp-content\/uploads\/2026\/03\/kost2026.jpg 768w, https:\/\/www.hudci.cz\/wp-content\/uploads\/2026\/03\/kost2026-212x300.jpg 212w, https:\/\/www.hudci.cz\/wp-content\/uploads\/2026\/03\/kost2026-723x1024.jpg 723w\" sizes=\"auto, (max-width: 767px) 89vw, (max-width: 1000px) 54vw, (max-width: 1071px) 543px, 580px\" \/><\/figure>\n\n\n\n<p><\/p>\n\n\n\n<p><strong>MANDLOV\u00c9 SLAVNOSTI U BLANKY<\/strong><\/p>\n\n\n\n<p><a href=\"https:\/\/www.sklepblanka.cz\/cs\/mandlov%C3%A9-slavnosti-2026?cs\" data-type=\"link\" data-id=\"https:\/\/www.kultura.sezimovo-usti.cz\/event\/205072\/reprezentacni-ples-mesta-sezimovo-usti\">13. 3. 2026, 20.00, Sklep u Blanky<\/a><\/p>\n\n\n\n<figure class=\"wp-block-image size-full\"><img loading=\"lazy\" decoding=\"async\" width=\"768\" height=\"495\" src=\"https:\/\/www.hudci.cz\/wp-content\/uploads\/2026\/03\/mandlone2026.jpg\" alt=\"\" class=\"wp-image-269\" srcset=\"https:\/\/www.hudci.cz\/wp-content\/uploads\/2026\/03\/mandlone2026.jpg 768w, https:\/\/www.hudci.cz\/wp-content\/uploads\/2026\/03\/mandlone2026-300x193.jpg 300w\" sizes=\"auto, (max-width: 767px) 89vw, (max-width: 1000px) 54vw, (max-width: 1071px) 543px, 580px\" \/><\/figure>\n\n\n\n<p><\/p>\n\n\n\n<p><strong>VELIKONO\u010cN\u00cd V\u00ddSTAVA V\u00cdN UHER\u010cICE<\/strong><\/p>\n\n\n\n<p><a href=\"https:\/\/www.vinariuhercice.cz\/\" data-type=\"link\" data-id=\"https:\/\/www.kultura.sezimovo-usti.cz\/event\/205072\/reprezentacni-ples-mesta-sezimovo-usti\">5. 4. 2026, 14.00, KD Uher\u010dice<\/a><\/p>\n\n\n\n<figure class=\"wp-block-image size-full\"><img loading=\"lazy\" decoding=\"async\" width=\"768\" height=\"576\" src=\"https:\/\/www.hudci.cz\/wp-content\/uploads\/2026\/03\/uhercice2026.jpg\" alt=\"\" class=\"wp-image-262\" srcset=\"https:\/\/www.hudci.cz\/wp-content\/uploads\/2026\/03\/uhercice2026.jpg 768w, https:\/\/www.hudci.cz\/wp-content\/uploads\/2026\/03\/uhercice2026-300x225.jpg 300w\" sizes=\"auto, (max-width: 767px) 89vw, (max-width: 1000px) 54vw, (max-width: 1071px) 543px, 580px\" \/><\/figure>\n\n\n\n<p><\/p>\n\n\n\n<p><strong>PLES MUZIKANT\u016e HODON\u00cdN<\/strong><\/p>\n\n\n\n<p><a href=\"https:\/\/www.dkhodonin.eu\/program\/1407-ples-muzikantu-2026-patek\" data-type=\"link\" data-id=\"https:\/\/www.kultura.sezimovo-usti.cz\/event\/205072\/reprezentacni-ples-mesta-sezimovo-usti\">11. 4. 2026, 20.00, Kulturn\u00ed d\u016fm Hodon\u00edn<\/a><\/p>\n\n\n\n<figure class=\"wp-block-image size-full\"><img loading=\"lazy\" decoding=\"async\" width=\"768\" height=\"492\" src=\"https:\/\/www.hudci.cz\/wp-content\/uploads\/2026\/03\/ples-muzikantu2026.jpg\" alt=\"\" class=\"wp-image-263\" srcset=\"https:\/\/www.hudci.cz\/wp-content\/uploads\/2026\/03\/ples-muzikantu2026.jpg 768w, https:\/\/www.hudci.cz\/wp-content\/uploads\/2026\/03\/ples-muzikantu2026-300x192.jpg 300w\" sizes=\"auto, (max-width: 767px) 89vw, (max-width: 1000px) 54vw, (max-width: 1071px) 543px, 580px\" \/><\/figure>\n\n\n\n<p><\/p>\n\n\n\n<p><strong>DEN OTEV\u0158EN\u00ddCH SKLEP\u016e MUT\u011aNICE<\/strong><\/p>\n\n\n\n<p><a href=\"https:\/\/www.vinozmutenic.cz\/akce\/den-otevrenych-sklepu\" data-type=\"link\" data-id=\"https:\/\/www.kultura.sezimovo-usti.cz\/event\/205072\/reprezentacni-ples-mesta-sezimovo-usti\">25. 4. 2026, 18.00, Amfite\u00e1tr pod b\u00fadama, Mut\u011bnice<\/a><\/p>\n\n\n\n<figure class=\"wp-block-image size-full\"><img loading=\"lazy\" decoding=\"async\" width=\"768\" height=\"402\" src=\"https:\/\/www.hudci.cz\/wp-content\/uploads\/2026\/03\/mutenice2026.jpg\" alt=\"\" class=\"wp-image-264\" srcset=\"https:\/\/www.hudci.cz\/wp-content\/uploads\/2026\/03\/mutenice2026.jpg 768w, https:\/\/www.hudci.cz\/wp-content\/uploads\/2026\/03\/mutenice2026-300x157.jpg 300w\" sizes=\"auto, (max-width: 767px) 89vw, (max-width: 1000px) 54vw, (max-width: 1071px) 543px, 580px\" \/><\/figure>\n\n\n\n<p><\/p>\n\n\n\n<p><strong>KO\u0160T V\u00cdN OSTROV\u00c1NKY<\/strong><\/p>\n\n\n\n<p><a href=\"https:\/\/www.ostrovanky.cz\/kalendar-akci\/kalendar-akci\/479-kost-vin\/\" data-type=\"link\" data-id=\"https:\/\/www.kultura.sezimovo-usti.cz\/event\/205072\/reprezentacni-ples-mesta-sezimovo-usti\">9. 5. 2026, 16.00, KD Ostrov\u00e1nky<\/a><\/p>\n\n\n\n<figure class=\"wp-block-image size-full\"><img loading=\"lazy\" decoding=\"async\" width=\"768\" height=\"344\" src=\"https:\/\/www.hudci.cz\/wp-content\/uploads\/2026\/03\/ostrovanky2026.jpg\" alt=\"\" class=\"wp-image-268\" srcset=\"https:\/\/www.hudci.cz\/wp-content\/uploads\/2026\/03\/ostrovanky2026.jpg 768w, https:\/\/www.hudci.cz\/wp-content\/uploads\/2026\/03\/ostrovanky2026-300x134.jpg 300w\" sizes=\"auto, (max-width: 767px) 89vw, (max-width: 1000px) 54vw, (max-width: 1071px) 543px, 580px\" \/><\/figure>\n\n\n\n<p><\/p>\n\n\n\n<p><strong>50. V\u00ddSTAVA V\u00cdN JAROSLAVICE<\/strong><\/p>\n\n\n\n<p><a href=\"https:\/\/jaroslavictivinari.cz\/nase-akce\/#chutnani\" data-type=\"link\" data-id=\"https:\/\/www.kultura.sezimovo-usti.cz\/event\/205072\/reprezentacni-ples-mesta-sezimovo-usti\">23. 5. 2026, 14.00, Jaroslavice<\/a><\/p>\n\n\n\n<figure class=\"wp-block-image size-full\"><img loading=\"lazy\" decoding=\"async\" width=\"754\" height=\"1007\" src=\"https:\/\/www.hudci.cz\/wp-content\/uploads\/2026\/03\/jaroslavice2026.jpg\" alt=\"\" class=\"wp-image-270\" srcset=\"https:\/\/www.hudci.cz\/wp-content\/uploads\/2026\/03\/jaroslavice2026.jpg 754w, https:\/\/www.hudci.cz\/wp-content\/uploads\/2026\/03\/jaroslavice2026-225x300.jpg 225w\" sizes=\"auto, (max-width: 706px) 89vw, (max-width: 767px) 82vw, 740px\" \/><\/figure>\n\n\n\n<p><\/p>\n\n\n\n<p><strong>OTEV\u0158EN\u00c9 SKLEPY KYJOVSKA<\/strong><\/p>\n\n\n\n<p><a href=\"https:\/\/sklepykyjov.cz\/\" data-type=\"link\" data-id=\"https:\/\/www.kultura.sezimovo-usti.cz\/event\/205072\/reprezentacni-ples-mesta-sezimovo-usti\">13. 6. 2026, 16.00, Kyjov<\/a><\/p>\n\n\n\n<figure class=\"wp-block-image size-full\"><img loading=\"lazy\" decoding=\"async\" width=\"768\" height=\"373\" src=\"https:\/\/www.hudci.cz\/wp-content\/uploads\/2026\/03\/otevrene-sklepy2026.jpg\" alt=\"\" class=\"wp-image-271\" srcset=\"https:\/\/www.hudci.cz\/wp-content\/uploads\/2026\/03\/otevrene-sklepy2026.jpg 768w, https:\/\/www.hudci.cz\/wp-content\/uploads\/2026\/03\/otevrene-sklepy2026-300x146.jpg 300w\" sizes=\"auto, (max-width: 767px) 89vw, (max-width: 1000px) 54vw, (max-width: 1071px) 543px, 580px\" \/><\/figure>\n\n\n\n<p><\/p>\n\n\n\n<p><strong>OTEV\u0158EN\u00c9 SKLEPY VINA\u0158STV\u00cd JOSEF DUFEK<\/strong><\/p>\n\n\n\n<p><a href=\"https:\/\/www.vinarstvi-dufek.cz\/\" data-type=\"link\" data-id=\"https:\/\/www.kultura.sezimovo-usti.cz\/event\/205072\/reprezentacni-ples-mesta-sezimovo-usti\">15. 8. 2026, 15.00, Vina\u0159stv\u00ed Josef Dufek, Svatobo\u0159ice-Mist\u0159\u00edn<\/a><\/p>\n\n\n\n<figure class=\"wp-block-image size-full\"><img loading=\"lazy\" decoding=\"async\" width=\"768\" height=\"268\" src=\"https:\/\/www.hudci.cz\/wp-content\/uploads\/2026\/03\/dufek2026-1.jpg\" alt=\"\" class=\"wp-image-272\" srcset=\"https:\/\/www.hudci.cz\/wp-content\/uploads\/2026\/03\/dufek2026-1.jpg 768w, https:\/\/www.hudci.cz\/wp-content\/uploads\/2026\/03\/dufek2026-1-300x105.jpg 300w\" sizes=\"auto, (max-width: 767px) 89vw, (max-width: 1000px) 54vw, (max-width: 1071px) 543px, 580px\" \/><\/figure>\n\n\n\n<p><\/p>\n\n\n\n<p><strong>LIP\u016eVSK\u00c9 HODY 2026<\/strong><\/p>\n\n\n\n<p><a href=\"https:\/\/www.lipuvka.eu\/obec\/o-obci-a-zivote-v-ni\/krojovane-hody\/\" data-type=\"link\" data-id=\"https:\/\/www.kultura.sezimovo-usti.cz\/event\/205072\/reprezentacni-ples-mesta-sezimovo-usti\">21. 11. 2026, 20.00, obecn\u00ed s\u00e1l, Lip\u016fvka<\/a><\/p>\n\n\n\n<figure class=\"wp-block-image size-full\"><img loading=\"lazy\" decoding=\"async\" width=\"768\" height=\"361\" src=\"https:\/\/www.hudci.cz\/wp-content\/uploads\/2026\/03\/lipuvka2026.jpg\" alt=\"\" class=\"wp-image-273\" srcset=\"https:\/\/www.hudci.cz\/wp-content\/uploads\/2026\/03\/lipuvka2026.jpg 768w, https:\/\/www.hudci.cz\/wp-content\/uploads\/2026\/03\/lipuvka2026-300x141.jpg 300w\" sizes=\"auto, (max-width: 767px) 89vw, (max-width: 1000px) 54vw, (max-width: 1071px) 543px, 580px\" \/><\/figure>\n\n\n\n<p><\/p>\n\n\n\n<p><strong>V\u00c1NO\u010cN\u00cd KONCERT<\/strong><\/p>\n\n\n\n<p><a href=\"https:\/\/www.horniloucky.cz\/\" data-type=\"link\" data-id=\"https:\/\/www.kultura.sezimovo-usti.cz\/event\/205072\/reprezentacni-ples-mesta-sezimovo-usti\">19. 12. 2026, 19.00, Horn\u00ed Lou\u010dky<\/a><\/p>\n\n\n\n<p><\/p>\n\n\n\n<p>&#8212;&#8212;&#8212;&#8212;&#8212;- 2025 &#8212;&#8212;&#8212;&#8212;&#8212;-<\/p>\n\n\n\n<h3 class=\"wp-block-heading\"><strong>Reprezenta\u010dn\u00ed ples m\u011bsta Sezimovo \u00dast\u00ed<\/strong><\/h3>\n\n\n\n<p><a href=\"https:\/\/www.kultura.sezimovo-usti.cz\/event\/205072\/reprezentacni-ples-mesta-sezimovo-usti\" data-type=\"link\" data-id=\"https:\/\/www.kultura.sezimovo-usti.cz\/event\/205072\/reprezentacni-ples-mesta-sezimovo-usti\">11. 1. 2025, 21.30, Wellness hotel MAS, Sezimovo \u00dast\u00ed<\/a><\/p>\n\n\n\n<figure class=\"wp-block-image size-full\"><img loading=\"lazy\" decoding=\"async\" width=\"1080\" height=\"1529\" src=\"https:\/\/www.hudci.cz\/wp-content\/uploads\/2025\/02\/ples-sezimovo-usti-2025-1.jpg\" alt=\"\" class=\"wp-image-229\" srcset=\"https:\/\/www.hudci.cz\/wp-content\/uploads\/2025\/02\/ples-sezimovo-usti-2025-1.jpg 1080w, https:\/\/www.hudci.cz\/wp-content\/uploads\/2025\/02\/ples-sezimovo-usti-2025-1-212x300.jpg 212w, https:\/\/www.hudci.cz\/wp-content\/uploads\/2025\/02\/ples-sezimovo-usti-2025-1-723x1024.jpg 723w, https:\/\/www.hudci.cz\/wp-content\/uploads\/2025\/02\/ples-sezimovo-usti-2025-1-768x1087.jpg 768w\" sizes=\"auto, (max-width: 767px) 89vw, (max-width: 1000px) 54vw, (max-width: 1071px) 543px, 580px\" \/><\/figure>\n\n\n\n<p><\/p>\n\n\n\n<h3 class=\"wp-block-heading\"><strong>XI. Reprezenta\u010dn\u00ed ples Domova Horizont<\/strong><\/h3>\n\n\n\n<p><a href=\"https:\/\/www.mestokyjov.cz\/kalendar-akci\/476-8-reprezentacni-ples-domova-horizont\" data-type=\"link\" data-id=\"https:\/\/www.kultura.sezimovo-usti.cz\/event\/205072\/reprezentacni-ples-mesta-sezimovo-usti\">8. 2. 2025, 19.00, DK Kyjov<\/a><\/p>\n\n\n\n<figure class=\"wp-block-image size-full\"><img loading=\"lazy\" decoding=\"async\" width=\"1080\" height=\"763\" src=\"https:\/\/www.hudci.cz\/wp-content\/uploads\/2025\/02\/ples-horizont-2025.jpg\" alt=\"\" class=\"wp-image-234\" srcset=\"https:\/\/www.hudci.cz\/wp-content\/uploads\/2025\/02\/ples-horizont-2025.jpg 1080w, https:\/\/www.hudci.cz\/wp-content\/uploads\/2025\/02\/ples-horizont-2025-300x212.jpg 300w, https:\/\/www.hudci.cz\/wp-content\/uploads\/2025\/02\/ples-horizont-2025-1024x723.jpg 1024w, https:\/\/www.hudci.cz\/wp-content\/uploads\/2025\/02\/ples-horizont-2025-768x543.jpg 768w\" sizes=\"auto, (max-width: 767px) 89vw, (max-width: 1000px) 54vw, (max-width: 1071px) 543px, 580px\" \/><\/figure>\n\n\n\n<p><\/p>\n\n\n\n<h3 class=\"wp-block-heading\"><strong>18. Vina\u0159sk\u00fd ples<\/strong><\/h3>\n\n\n\n<p><a href=\"https:\/\/www.kdbystricenp.cz\/program\/kalendar\/plesy\/429-18-vinarsky-ples\">8. 3. 2025, 20.00, KD Byst\u0159ice nad Pern\u0161tejnem<\/a><\/p>\n\n\n\n<figure class=\"wp-block-image size-large\"><img loading=\"lazy\" decoding=\"async\" width=\"724\" height=\"1024\" src=\"https:\/\/www.hudci.cz\/wp-content\/uploads\/2025\/02\/vin-ples-2025-724x1024.jpg\" alt=\"\" class=\"wp-image-232\" srcset=\"https:\/\/www.hudci.cz\/wp-content\/uploads\/2025\/02\/vin-ples-2025-724x1024.jpg 724w, https:\/\/www.hudci.cz\/wp-content\/uploads\/2025\/02\/vin-ples-2025-212x300.jpg 212w, https:\/\/www.hudci.cz\/wp-content\/uploads\/2025\/02\/vin-ples-2025-768x1086.jpg 768w, https:\/\/www.hudci.cz\/wp-content\/uploads\/2025\/02\/vin-ples-2025-1086x1536.jpg 1086w, https:\/\/www.hudci.cz\/wp-content\/uploads\/2025\/02\/vin-ples-2025-1448x2048.jpg 1448w, https:\/\/www.hudci.cz\/wp-content\/uploads\/2025\/02\/vin-ples-2025-scaled.jpg 1811w\" sizes=\"auto, (max-width: 724px) 100vw, 724px\" \/><\/figure>\n\n\n\n<p><\/p>\n\n\n\n<h3 class=\"wp-block-heading\"><strong><strong>Josefsk\u00fd ko\u0161t v Kyjov\u011b<\/strong><\/strong><\/h3>\n\n\n\n<p><a href=\"https:\/\/www.zahradkarikyjov.cz\/\" data-type=\"link\" data-id=\"https:\/\/vinozmutenic.cz\/akce\/den-otevrenych-sklepu\">15. 3. 2025, 16.00 , DK Kyjov<\/a><\/p>\n\n\n\n<figure class=\"wp-block-image size-full\"><img loading=\"lazy\" decoding=\"async\" width=\"1080\" height=\"1528\" src=\"https:\/\/www.hudci.cz\/wp-content\/uploads\/2025\/02\/kost-kyjov-15-3-2025-1.jpg\" alt=\"\" class=\"wp-image-231\" srcset=\"https:\/\/www.hudci.cz\/wp-content\/uploads\/2025\/02\/kost-kyjov-15-3-2025-1.jpg 1080w, https:\/\/www.hudci.cz\/wp-content\/uploads\/2025\/02\/kost-kyjov-15-3-2025-1-212x300.jpg 212w, https:\/\/www.hudci.cz\/wp-content\/uploads\/2025\/02\/kost-kyjov-15-3-2025-1-724x1024.jpg 724w, https:\/\/www.hudci.cz\/wp-content\/uploads\/2025\/02\/kost-kyjov-15-3-2025-1-768x1087.jpg 768w\" sizes=\"auto, (max-width: 767px) 89vw, (max-width: 1000px) 54vw, (max-width: 1071px) 543px, 580px\" \/><\/figure>\n\n\n\n<p><\/p>\n\n\n\n<h3 class=\"wp-block-heading\"><strong><strong>Den otev\u0159en\u00fdch sklep\u016f 202<\/strong>5 Mut\u011bnice<\/strong><\/h3>\n\n\n\n<p><a href=\"https:\/\/www.vinozmutenic.cz\/akce\/den-otevrenych-sklepu#oakci\" data-type=\"link\" data-id=\"https:\/\/vinozmutenic.cz\/akce\/den-otevrenych-sklepu\">26. 4. 2025, Amfite\u00e1tr Pod B\u00fadama, Mut\u011bnice<\/a><\/p>\n\n\n\n<figure class=\"wp-block-image size-large\"><img loading=\"lazy\" decoding=\"async\" width=\"1024\" height=\"420\" src=\"https:\/\/www.hudci.cz\/wp-content\/uploads\/2025\/02\/otevrene-sklepy-mutenice-2025-1024x420.jpg\" alt=\"\" class=\"wp-image-227\" srcset=\"https:\/\/www.hudci.cz\/wp-content\/uploads\/2025\/02\/otevrene-sklepy-mutenice-2025-1024x420.jpg 1024w, https:\/\/www.hudci.cz\/wp-content\/uploads\/2025\/02\/otevrene-sklepy-mutenice-2025-300x123.jpg 300w, https:\/\/www.hudci.cz\/wp-content\/uploads\/2025\/02\/otevrene-sklepy-mutenice-2025-768x315.jpg 768w, https:\/\/www.hudci.cz\/wp-content\/uploads\/2025\/02\/otevrene-sklepy-mutenice-2025-1536x630.jpg 1536w, https:\/\/www.hudci.cz\/wp-content\/uploads\/2025\/02\/otevrene-sklepy-mutenice-2025-2048x840.jpg 2048w\" sizes=\"auto, (max-width: 767px) 89vw, (max-width: 1000px) 54vw, (max-width: 1071px) 543px, 580px\" \/><\/figure>\n\n\n\n<p><\/p>\n\n\n\n<h3 class=\"wp-block-heading\"><strong>31. V\u00fdstava v\u00edn Ostrov\u00e1nky<\/strong><\/h3>\n\n\n\n<p><a href=\"https:\/\/www.ostrovanky.cz\/2025\/kost-vin-10-5-2025\" data-type=\"link\" data-id=\"https:\/\/www.kultura.sezimovo-usti.cz\/event\/205072\/reprezentacni-ples-mesta-sezimovo-usti\">10. 5. 2025, 16.00, Ostrov\u00e1nky<\/a><\/p>\n\n\n\n<figure class=\"wp-block-image size-full\"><img loading=\"lazy\" decoding=\"async\" width=\"768\" height=\"1078\" src=\"https:\/\/www.hudci.cz\/wp-content\/uploads\/2026\/03\/ostrovanky2025.jpg\" alt=\"\" class=\"wp-image-280\" srcset=\"https:\/\/www.hudci.cz\/wp-content\/uploads\/2026\/03\/ostrovanky2025.jpg 768w, https:\/\/www.hudci.cz\/wp-content\/uploads\/2026\/03\/ostrovanky2025-214x300.jpg 214w, https:\/\/www.hudci.cz\/wp-content\/uploads\/2026\/03\/ostrovanky2025-730x1024.jpg 730w\" sizes=\"auto, (max-width: 767px) 89vw, (max-width: 1000px) 54vw, (max-width: 1071px) 543px, 580px\" \/><\/figure>\n\n\n\n<p><\/p>\n\n\n\n<h3 class=\"wp-block-heading\"><strong><strong>Otev\u0159en\u00e9 sklepy Kyjovska<\/strong><\/strong><\/h3>\n\n\n\n<p><a href=\"http:\/\/www.kyjovskesklepy.cz\/\">14. 6. 2025, Pod \u0160i\u0161t\u00f3tem, Kyjov<\/a> (za\u010d. 17.00)<\/p>\n\n\n\n<figure class=\"wp-block-image size-large\"><img loading=\"lazy\" decoding=\"async\" width=\"724\" height=\"1024\" src=\"https:\/\/www.hudci.cz\/wp-content\/uploads\/2025\/02\/sklepy-kyjov-2025-724x1024.jpg\" alt=\"\" class=\"wp-image-235\" srcset=\"https:\/\/www.hudci.cz\/wp-content\/uploads\/2025\/02\/sklepy-kyjov-2025-724x1024.jpg 724w, https:\/\/www.hudci.cz\/wp-content\/uploads\/2025\/02\/sklepy-kyjov-2025-212x300.jpg 212w, https:\/\/www.hudci.cz\/wp-content\/uploads\/2025\/02\/sklepy-kyjov-2025-768x1086.jpg 768w, https:\/\/www.hudci.cz\/wp-content\/uploads\/2025\/02\/sklepy-kyjov-2025-1086x1536.jpg 1086w, https:\/\/www.hudci.cz\/wp-content\/uploads\/2025\/02\/sklepy-kyjov-2025.jpg 1414w\" sizes=\"auto, (max-width: 724px) 100vw, 724px\" \/><\/figure>\n\n\n\n<p><\/p>\n\n\n\n<p><\/p>\n\n\n\n<p><strong>Otev\u0159en\u00e9 sklepy Vina\u0159stv\u00ed Josef Dufek<\/strong><\/p>\n\n\n\n<p><a href=\"https:\/\/www.vinarstvi-dufek.cz\/\" data-type=\"link\" data-id=\"https:\/\/www.kultura.sezimovo-usti.cz\/event\/205072\/reprezentacni-ples-mesta-sezimovo-usti\">16. 8. 2025, 15.00, Vina\u0159stv\u00ed Josef Dufek, Svatobo\u0159ice-Mist\u0159\u00edn<\/a><\/p>\n\n\n\n<figure class=\"wp-block-image size-full\"><img loading=\"lazy\" decoding=\"async\" width=\"768\" height=\"506\" src=\"https:\/\/www.hudci.cz\/wp-content\/uploads\/2026\/03\/dufek2025-1.jpg\" alt=\"\" class=\"wp-image-276\" srcset=\"https:\/\/www.hudci.cz\/wp-content\/uploads\/2026\/03\/dufek2025-1.jpg 768w, https:\/\/www.hudci.cz\/wp-content\/uploads\/2026\/03\/dufek2025-1-300x198.jpg 300w\" sizes=\"auto, (max-width: 767px) 89vw, (max-width: 1000px) 54vw, (max-width: 1071px) 543px, 580px\" \/><\/figure>\n\n\n\n<p><\/p>\n\n\n\n<p><\/p>\n\n\n\n<p><strong>Posezen\u00ed u cimb\u00e1lu Brankovice<\/strong><\/p>\n\n\n\n<p><a href=\"https:\/\/www.facebook.com\/events\/766273366457369\/?acontext=%7B%22action_history%22%3A%22null%22%7D&amp;ref_source=newsfeed&amp;ref_mechanism=feed_attachment\" data-type=\"link\" data-id=\"https:\/\/www.kultura.sezimovo-usti.cz\/event\/205072\/reprezentacni-ples-mesta-sezimovo-usti\">8. 11. 2025, 17.00, s\u00e1l KD, Brankovice<\/a><\/p>\n\n\n\n<figure class=\"wp-block-image size-full\"><img loading=\"lazy\" decoding=\"async\" width=\"768\" height=\"824\" src=\"https:\/\/www.hudci.cz\/wp-content\/uploads\/2026\/03\/brankovice2025.jpg\" alt=\"\" class=\"wp-image-278\" srcset=\"https:\/\/www.hudci.cz\/wp-content\/uploads\/2026\/03\/brankovice2025.jpg 768w, https:\/\/www.hudci.cz\/wp-content\/uploads\/2026\/03\/brankovice2025-280x300.jpg 280w\" sizes=\"auto, (max-width: 767px) 89vw, (max-width: 1000px) 54vw, (max-width: 1071px) 543px, 580px\" \/><\/figure>\n\n\n\n<p><\/p>\n\n\n\n<p><\/p>\n\n\n\n<p><strong>V\u00e1no\u010dn\u00ed koncert<\/strong><\/p>\n\n\n\n<p><a href=\"https:\/\/www.horniloucky.cz\/zivot-v-obci\/kulturni-akce\/vanocni-koncert-118_39cs.html\" data-type=\"link\" data-id=\"https:\/\/www.kultura.sezimovo-usti.cz\/event\/205072\/reprezentacni-ples-mesta-sezimovo-usti\">20. 12. 2025, 15.00, Horn\u00ed Lou\u010dky<\/a><\/p>\n\n\n\n<figure class=\"wp-block-image size-full\"><img loading=\"lazy\" decoding=\"async\" width=\"768\" height=\"1085\" src=\"https:\/\/www.hudci.cz\/wp-content\/uploads\/2026\/03\/horni-loucky2025.jpg\" alt=\"\" class=\"wp-image-277\" srcset=\"https:\/\/www.hudci.cz\/wp-content\/uploads\/2026\/03\/horni-loucky2025.jpg 768w, https:\/\/www.hudci.cz\/wp-content\/uploads\/2026\/03\/horni-loucky2025-212x300.jpg 212w, https:\/\/www.hudci.cz\/wp-content\/uploads\/2026\/03\/horni-loucky2025-725x1024.jpg 725w\" sizes=\"auto, (max-width: 767px) 89vw, (max-width: 1000px) 54vw, (max-width: 1071px) 543px, 580px\" \/><\/figure>\n\n\n\n<p><\/p>\n\n\n\n<h3 class=\"wp-block-heading\"><strong>V\u00e1no\u010dn\u00ed koncert<\/strong><\/h3>\n\n\n\n<p><a href=\"https:\/\/www.kkuh.cz\/velky-jarmark-predvanocni-pondeli\" data-type=\"link\" data-id=\"https:\/\/www.kultura.sezimovo-usti.cz\/event\/205072\/reprezentacni-ples-mesta-sezimovo-usti\">22. 12. 2026, 16.00, Masarykovo n\u00e1m\u011bst\u00ed Uhersk\u00e9 Hradi\u0161t\u011b<\/a><\/p>\n\n\n\n<figure class=\"wp-block-image size-full\"><img loading=\"lazy\" decoding=\"async\" width=\"768\" height=\"1085\" src=\"https:\/\/www.hudci.cz\/wp-content\/uploads\/2026\/03\/hradiste-trhy2025.jpg\" alt=\"\" class=\"wp-image-282\" srcset=\"https:\/\/www.hudci.cz\/wp-content\/uploads\/2026\/03\/hradiste-trhy2025.jpg 768w, https:\/\/www.hudci.cz\/wp-content\/uploads\/2026\/03\/hradiste-trhy2025-212x300.jpg 212w, https:\/\/www.hudci.cz\/wp-content\/uploads\/2026\/03\/hradiste-trhy2025-725x1024.jpg 725w\" sizes=\"auto, (max-width: 767px) 89vw, (max-width: 1000px) 54vw, (max-width: 1071px) 543px, 580px\" \/><\/figure>\n\n\n\n<p><\/p>\n\n\n\n<h3 class=\"wp-block-heading\"><strong>Pern\u00ed\u010dkov\u00e1 beseda u cimb\u00e1lu<\/strong><\/h3>\n\n\n\n<p><a href=\"https:\/\/dubnany.eu\/pernickova-beseda-u-cimbalu-2\" data-type=\"link\" data-id=\"https:\/\/www.kultura.sezimovo-usti.cz\/event\/205072\/reprezentacni-ples-mesta-sezimovo-usti\">25. 12. 2025, 20.00, KD Dub\u0148any<\/a><\/p>\n\n\n\n<figure class=\"wp-block-image size-full\"><img loading=\"lazy\" decoding=\"async\" width=\"693\" height=\"980\" src=\"https:\/\/www.hudci.cz\/wp-content\/uploads\/2026\/03\/pernickova2025.jpg\" alt=\"\" class=\"wp-image-281\" srcset=\"https:\/\/www.hudci.cz\/wp-content\/uploads\/2026\/03\/pernickova2025.jpg 693w, https:\/\/www.hudci.cz\/wp-content\/uploads\/2026\/03\/pernickova2025-212x300.jpg 212w\" sizes=\"auto, (max-width: 693px) 100vw, 693px\" \/><\/figure>\n\n\n\n<p><\/p>\n\n\n\n<p><\/p>\n\n\n\n<p>&#8212;&#8212;&#8212;&#8212;&#8212;- 2024 &#8212;&#8212;&#8212;&#8212;&#8212;-<\/p>\n\n\n\n<h3 class=\"wp-block-heading\"><strong>T\u0159\u00edkr\u00e1lov\u00fd koncert<\/strong><\/h3>\n\n\n\n<p>7. 1. 2024, 16.00, Kostel sv. Jakuba<a href=\"https:\/\/www.kultura.sezimovo-usti.cz\/event\/205072\/reprezentacni-ples-mesta-sezimovo-usti\" target=\"_blank\" rel=\"noreferrer noopener\"> <\/a>Moravsk\u00e1 Nov\u00e1 Ves<\/p>\n\n\n\n<figure class=\"wp-block-image size-large\"><img loading=\"lazy\" decoding=\"async\" width=\"1024\" height=\"715\" src=\"https:\/\/www.hudci.cz\/wp-content\/uploads\/2023\/12\/hudci-trikralovy-7-1-2024-@-1-1024x715.jpg\" alt=\"\" class=\"wp-image-169\" srcset=\"https:\/\/www.hudci.cz\/wp-content\/uploads\/2023\/12\/hudci-trikralovy-7-1-2024-@-1-1024x715.jpg 1024w, https:\/\/www.hudci.cz\/wp-content\/uploads\/2023\/12\/hudci-trikralovy-7-1-2024-@-1-300x210.jpg 300w, https:\/\/www.hudci.cz\/wp-content\/uploads\/2023\/12\/hudci-trikralovy-7-1-2024-@-1-768x537.jpg 768w, https:\/\/www.hudci.cz\/wp-content\/uploads\/2023\/12\/hudci-trikralovy-7-1-2024-@-1-1536x1073.jpg 1536w, https:\/\/www.hudci.cz\/wp-content\/uploads\/2023\/12\/hudci-trikralovy-7-1-2024-@-1-2048x1431.jpg 2048w\" sizes=\"auto, (max-width: 767px) 89vw, (max-width: 1000px) 54vw, (max-width: 1071px) 543px, 580px\" \/><\/figure>\n\n\n\n<p><\/p>\n\n\n\n<h3 class=\"wp-block-heading\"><strong>Reprezenta\u010dn\u00ed ples m\u011bsta Sezimovo \u00dast\u00ed<\/strong><\/h3>\n\n\n\n<p><a href=\"https:\/\/www.kultura.sezimovo-usti.cz\/event\/205072\/reprezentacni-ples-mesta-sezimovo-usti\" data-type=\"link\" data-id=\"https:\/\/www.kultura.sezimovo-usti.cz\/event\/205072\/reprezentacni-ples-mesta-sezimovo-usti\">13. 1. 2024, 21.30, Wellness hotel MAS, Sezimovo \u00dast\u00ed<\/a><\/p>\n\n\n\n<figure class=\"wp-block-image size-full is-resized\"><img loading=\"lazy\" decoding=\"async\" width=\"419\" height=\"611\" src=\"https:\/\/www.hudci.cz\/wp-content\/uploads\/2024\/02\/sezimovo-ples-2024.jpg\" alt=\"\" class=\"wp-image-179\" style=\"width:676px;height:auto\" srcset=\"https:\/\/www.hudci.cz\/wp-content\/uploads\/2024\/02\/sezimovo-ples-2024.jpg 419w, https:\/\/www.hudci.cz\/wp-content\/uploads\/2024\/02\/sezimovo-ples-2024-206x300.jpg 206w\" sizes=\"auto, (max-width: 419px) 100vw, 419px\" \/><\/figure>\n\n\n\n<p><\/p>\n\n\n\n<h3 class=\"wp-block-heading\"><strong>Krojov\u00fd ples Hodon\u00edn<\/strong><\/h3>\n\n\n\n<p>10. 2. 2024, 20.00, Kulturn\u00ed d\u016fm Hodon\u00edn<\/p>\n\n\n\n<figure class=\"wp-block-image size-full\"><img loading=\"lazy\" decoding=\"async\" width=\"790\" height=\"670\" src=\"https:\/\/www.hudci.cz\/wp-content\/uploads\/2024\/02\/krojovy-hodonin.jpg\" alt=\"\" class=\"wp-image-176\" srcset=\"https:\/\/www.hudci.cz\/wp-content\/uploads\/2024\/02\/krojovy-hodonin.jpg 790w, https:\/\/www.hudci.cz\/wp-content\/uploads\/2024\/02\/krojovy-hodonin-300x254.jpg 300w, https:\/\/www.hudci.cz\/wp-content\/uploads\/2024\/02\/krojovy-hodonin-768x651.jpg 768w\" sizes=\"auto, (max-width: 767px) 89vw, (max-width: 1000px) 54vw, (max-width: 1071px) 543px, 580px\" \/><\/figure>\n\n\n\n<p><\/p>\n\n\n\n<h3 class=\"wp-block-heading\"><strong>17. Vina\u0159sk\u00fd ples<\/strong><\/h3>\n\n\n\n<p><a href=\"https:\/\/www.kdbystricenp.cz\/program\/kalendar\/plesy\/318-17-vinarsky-ples\" data-type=\"link\" data-id=\"https:\/\/www.kdbystricenp.cz\/program\/kalendar\/plesy\/318-17-vinarsky-ples\">9. 3. 2024, 20.00, Kulturn\u00ed d\u016fm Byst\u0159ice nad Pern\u0161tejnem<\/a><\/p>\n\n\n\n<figure class=\"wp-block-image size-large\"><img loading=\"lazy\" decoding=\"async\" width=\"725\" height=\"1024\" src=\"https:\/\/www.hudci.cz\/wp-content\/uploads\/2024\/02\/vinarsky-ples-bystrice-725x1024.jpg\" alt=\"\" class=\"wp-image-177\" srcset=\"https:\/\/www.hudci.cz\/wp-content\/uploads\/2024\/02\/vinarsky-ples-bystrice-725x1024.jpg 725w, https:\/\/www.hudci.cz\/wp-content\/uploads\/2024\/02\/vinarsky-ples-bystrice-212x300.jpg 212w, https:\/\/www.hudci.cz\/wp-content\/uploads\/2024\/02\/vinarsky-ples-bystrice-768x1085.jpg 768w, https:\/\/www.hudci.cz\/wp-content\/uploads\/2024\/02\/vinarsky-ples-bystrice-1087x1536.jpg 1087w, https:\/\/www.hudci.cz\/wp-content\/uploads\/2024\/02\/vinarsky-ples-bystrice-1449x2048.jpg 1449w, https:\/\/www.hudci.cz\/wp-content\/uploads\/2024\/02\/vinarsky-ples-bystrice-scaled.jpg 1811w\" sizes=\"auto, (max-width: 725px) 100vw, 725px\" \/><\/figure>\n\n\n\n<p><\/p>\n\n\n\n<h3 class=\"wp-block-heading\"><strong>Josefsk\u00fd ko\u0161t v Kyjov\u011b<\/strong><\/h3>\n\n\n\n<p><a href=\"https:\/\/www.zahradkarikyjov.cz\/\">16. 3. 2024, 16.00, DK Kyjov<\/a><\/p>\n\n\n\n<figure class=\"wp-block-image size-large\"><img loading=\"lazy\" decoding=\"async\" width=\"724\" height=\"1024\" src=\"https:\/\/www.hudci.cz\/wp-content\/uploads\/2024\/03\/Plakat-josefsy-kost_2024-724x1024.jpg\" alt=\"\" class=\"wp-image-182\" srcset=\"https:\/\/www.hudci.cz\/wp-content\/uploads\/2024\/03\/Plakat-josefsy-kost_2024-724x1024.jpg 724w, https:\/\/www.hudci.cz\/wp-content\/uploads\/2024\/03\/Plakat-josefsy-kost_2024-212x300.jpg 212w, https:\/\/www.hudci.cz\/wp-content\/uploads\/2024\/03\/Plakat-josefsy-kost_2024-768x1086.jpg 768w, https:\/\/www.hudci.cz\/wp-content\/uploads\/2024\/03\/Plakat-josefsy-kost_2024-1086x1536.jpg 1086w, https:\/\/www.hudci.cz\/wp-content\/uploads\/2024\/03\/Plakat-josefsy-kost_2024.jpg 1190w\" sizes=\"auto, (max-width: 724px) 100vw, 724px\" \/><\/figure>\n\n\n\n<p><\/p>\n\n\n\n<h3 class=\"wp-block-heading\"><strong><strong>Den otev\u0159en\u00fdch sklep\u016f 202<\/strong>4 Mut\u011bnice<\/strong><\/h3>\n\n\n\n<p><a href=\"https:\/\/vinozmutenic.cz\/akce\/den-otevrenych-sklepu\" data-type=\"link\" data-id=\"https:\/\/vinozmutenic.cz\/akce\/den-otevrenych-sklepu\">27. 4. 2024, Amfite\u00e1tr Pod B\u00fadama, Mut\u011bnice<\/a><\/p>\n\n\n\n<figure class=\"wp-block-image size-large\"><img loading=\"lazy\" decoding=\"async\" width=\"1024\" height=\"527\" src=\"https:\/\/www.hudci.cz\/wp-content\/uploads\/2024\/02\/mutenice2024-1024x527.jpg\" alt=\"\" class=\"wp-image-178\" srcset=\"https:\/\/www.hudci.cz\/wp-content\/uploads\/2024\/02\/mutenice2024-1024x527.jpg 1024w, https:\/\/www.hudci.cz\/wp-content\/uploads\/2024\/02\/mutenice2024-300x155.jpg 300w, https:\/\/www.hudci.cz\/wp-content\/uploads\/2024\/02\/mutenice2024-768x396.jpg 768w, https:\/\/www.hudci.cz\/wp-content\/uploads\/2024\/02\/mutenice2024-1536x791.jpg 1536w, https:\/\/www.hudci.cz\/wp-content\/uploads\/2024\/02\/mutenice2024.jpg 1897w\" sizes=\"auto, (max-width: 767px) 89vw, (max-width: 1000px) 54vw, (max-width: 1071px) 543px, 580px\" \/><\/figure>\n\n\n\n<p><\/p>\n\n\n\n<h3 class=\"wp-block-heading\"><strong><strong>Ko\u0161t v\u00edna Ostrov\u00e1nky<\/strong><\/strong><\/h3>\n\n\n\n<p><a href=\"https:\/\/www.ostrovanky.cz\/kalendar-akci\/kalendar-akci\/372-kost-vin\/\">4. 5. 2024, KD Ostrov\u00e1nky<\/a><\/p>\n\n\n\n<h3 class=\"wp-block-heading\"><strong><strong>M\u00e1jov\u00fd ko\u0161t v\u00edn<\/strong><\/strong><\/h3>\n\n\n\n<p><a href=\"https:\/\/vinarizpritluk.cz\/majovy-kost-vin\/\">11. 5. 2024, Hosp\u016fdka pod V\u011b\u017e\u00ed<\/a><\/p>\n\n\n\n<figure class=\"wp-block-image size-full\"><img loading=\"lazy\" decoding=\"async\" width=\"724\" height=\"1024\" src=\"https:\/\/www.hudci.cz\/wp-content\/uploads\/2024\/04\/vinarizpritluk_majovykost24_web-724x1024-1.jpg\" alt=\"\" class=\"wp-image-189\" srcset=\"https:\/\/www.hudci.cz\/wp-content\/uploads\/2024\/04\/vinarizpritluk_majovykost24_web-724x1024-1.jpg 724w, https:\/\/www.hudci.cz\/wp-content\/uploads\/2024\/04\/vinarizpritluk_majovykost24_web-724x1024-1-212x300.jpg 212w\" sizes=\"auto, (max-width: 724px) 100vw, 724px\" \/><\/figure>\n\n\n\n<p><\/p>\n\n\n\n<h3 class=\"wp-block-heading\"><strong><strong>Otev\u0159en\u00e9 sklepy Kyjovska<\/strong><\/strong><\/h3>\n\n\n\n<p><a href=\"http:\/\/www.kyjovskesklepy.cz\/\">8. 6. 2024, Pod \u0160i\u0161t\u00f3tem, Kyjov<\/a> (za\u010d. 17.00)<\/p>\n\n\n\n<figure class=\"wp-block-image size-full\"><img loading=\"lazy\" decoding=\"async\" width=\"888\" height=\"422\" src=\"https:\/\/www.hudci.cz\/wp-content\/uploads\/2024\/04\/osk-2024.jpg\" alt=\"\" class=\"wp-image-190\" srcset=\"https:\/\/www.hudci.cz\/wp-content\/uploads\/2024\/04\/osk-2024.jpg 888w, https:\/\/www.hudci.cz\/wp-content\/uploads\/2024\/04\/osk-2024-300x143.jpg 300w, https:\/\/www.hudci.cz\/wp-content\/uploads\/2024\/04\/osk-2024-768x365.jpg 768w\" sizes=\"auto, (max-width: 767px) 89vw, (max-width: 1000px) 54vw, (max-width: 1071px) 543px, 580px\" \/><\/figure>\n\n\n\n<p><\/p>\n\n\n\n<h3 class=\"wp-block-heading\"><strong>Jubilejn\u00ed  koncert k <strong>30. v\u00fdro\u010d\u00ed zalo\u017een\u00ed muziky<\/strong><\/strong><\/h3>\n\n\n\n<p><a href=\"http:\/\/festivalmilotice.cz\/cz\/\" data-type=\"link\" data-id=\"http:\/\/festivalmilotice.cz\/cz\/\">3. 8. 2024, p\u0159\u00edrodn\u00ed amfite\u00e1tr are\u00e1lu vinn\u00fdch sklep\u016f \u0160idleny, Milotice <\/a><\/p>\n\n\n\n<p>po\u0159ad se uskute\u010dn\u00ed v r\u00e1mci programu NF Milotice 2024, slovem prov\u00e1z\u00ed Karel Hegner<\/p>\n\n\n\n<figure class=\"wp-block-image size-large\"><img loading=\"lazy\" decoding=\"async\" width=\"1024\" height=\"471\" src=\"https:\/\/www.hudci.cz\/wp-content\/uploads\/2024\/07\/mil24-festival-final2-1024x471.png\" alt=\"\" class=\"wp-image-202\" srcset=\"https:\/\/www.hudci.cz\/wp-content\/uploads\/2024\/07\/mil24-festival-final2-1024x471.png 1024w, https:\/\/www.hudci.cz\/wp-content\/uploads\/2024\/07\/mil24-festival-final2-300x138.png 300w, https:\/\/www.hudci.cz\/wp-content\/uploads\/2024\/07\/mil24-festival-final2-768x353.png 768w, https:\/\/www.hudci.cz\/wp-content\/uploads\/2024\/07\/mil24-festival-final2-1536x707.png 1536w, https:\/\/www.hudci.cz\/wp-content\/uploads\/2024\/07\/mil24-festival-final2-2048x942.png 2048w\" sizes=\"auto, (max-width: 767px) 89vw, (max-width: 1000px) 54vw, (max-width: 1071px) 543px, 580px\" \/><\/figure>\n\n\n\n<figure class=\"wp-block-image size-large\"><img loading=\"lazy\" decoding=\"async\" width=\"1024\" height=\"724\" src=\"https:\/\/www.hudci.cz\/wp-content\/uploads\/2024\/07\/mil24-program-final-1-1024x724.jpg\" alt=\"\" class=\"wp-image-201\" srcset=\"https:\/\/www.hudci.cz\/wp-content\/uploads\/2024\/07\/mil24-program-final-1-1024x724.jpg 1024w, https:\/\/www.hudci.cz\/wp-content\/uploads\/2024\/07\/mil24-program-final-1-300x212.jpg 300w, https:\/\/www.hudci.cz\/wp-content\/uploads\/2024\/07\/mil24-program-final-1-768x543.jpg 768w, https:\/\/www.hudci.cz\/wp-content\/uploads\/2024\/07\/mil24-program-final-1-1536x1086.jpg 1536w, https:\/\/www.hudci.cz\/wp-content\/uploads\/2024\/07\/mil24-program-final-1-2048x1448.jpg 2048w\" sizes=\"auto, (max-width: 767px) 89vw, (max-width: 1000px) 54vw, (max-width: 1071px) 543px, 580px\" \/><\/figure>\n\n\n\n<h3 class=\"wp-block-heading\"><strong><strong>Den otev\u0159en\u00fdch sklep\u016f Vina\u0159stv\u00ed Dufek<\/strong><\/strong><\/h3>\n\n\n\n<p><a href=\"https:\/\/www.vinarstvi-dufek.cz\/o-vinarstvi\/\">17. 8. 2024, are\u00e1l vina\u0159stv\u00ed Dufek Svatobo\u0159ice-Mist\u0159\u00edn<\/a> (za\u010d. 15.00)<\/p>\n\n\n\n<figure class=\"wp-block-image size-full\"><img loading=\"lazy\" decoding=\"async\" width=\"712\" height=\"673\" src=\"https:\/\/www.hudci.cz\/wp-content\/uploads\/2024\/04\/otevrene-sklepy-vinarstvi-dufek-2024-1.jpg\" alt=\"\" class=\"wp-image-188\" srcset=\"https:\/\/www.hudci.cz\/wp-content\/uploads\/2024\/04\/otevrene-sklepy-vinarstvi-dufek-2024-1.jpg 712w, https:\/\/www.hudci.cz\/wp-content\/uploads\/2024\/04\/otevrene-sklepy-vinarstvi-dufek-2024-1-300x284.jpg 300w\" sizes=\"auto, (max-width: 712px) 100vw, 712px\" \/><\/figure>\n\n\n\n<h3 class=\"wp-block-heading\"><strong><strong>Ve\u010der s cimb\u00e1lovou muzikou Hudci z Kyjova<\/strong><\/strong><\/h3>\n\n\n\n<p><a href=\"https:\/\/www.vinarstvi-dufek.cz\/o-vinarstvi\/\">8. 11. 2024, <\/a>Kav\u00e1rna galerie U Li\u0161ky Bystrou\u0161ky &#8211; Lo\u0161tice (za\u010d. 19.00)<\/p>\n\n\n\n<figure class=\"wp-block-image size-large\"><img loading=\"lazy\" decoding=\"async\" width=\"724\" height=\"1024\" src=\"https:\/\/www.hudci.cz\/wp-content\/uploads\/2024\/11\/Hudci-Lostice-2024-var2-724x1024.jpg\" alt=\"\" class=\"wp-image-211\" srcset=\"https:\/\/www.hudci.cz\/wp-content\/uploads\/2024\/11\/Hudci-Lostice-2024-var2-724x1024.jpg 724w, https:\/\/www.hudci.cz\/wp-content\/uploads\/2024\/11\/Hudci-Lostice-2024-var2-212x300.jpg 212w, https:\/\/www.hudci.cz\/wp-content\/uploads\/2024\/11\/Hudci-Lostice-2024-var2-768x1086.jpg 768w, https:\/\/www.hudci.cz\/wp-content\/uploads\/2024\/11\/Hudci-Lostice-2024-var2-1086x1536.jpg 1086w, https:\/\/www.hudci.cz\/wp-content\/uploads\/2024\/11\/Hudci-Lostice-2024-var2.jpg 1403w\" sizes=\"auto, (max-width: 724px) 100vw, 724px\" \/><\/figure>\n\n\n\n<h3 class=\"wp-block-heading\"><strong><strong>V\u00e1no\u010dn\u00ed koncert<\/strong><\/strong><\/h3>\n\n\n\n<p><a href=\"https:\/\/www.hradcanyutisnova.cz\/akce\/hudci-z-kyjova-v-hornich-louckach\/\">21. 12. 2024, 19.00, Kulturn\u00ed d\u016fm, Horn\u00ed Lou\u010dky<\/a><\/p>\n\n\n\n<figure class=\"wp-block-image size-full\"><img loading=\"lazy\" decoding=\"async\" width=\"735\" height=\"1013\" src=\"https:\/\/www.hudci.cz\/wp-content\/uploads\/2025\/02\/van-koncert-horni-loucky-2024-1.jpg\" alt=\"\" class=\"wp-image-226\" srcset=\"https:\/\/www.hudci.cz\/wp-content\/uploads\/2025\/02\/van-koncert-horni-loucky-2024-1.jpg 735w, https:\/\/www.hudci.cz\/wp-content\/uploads\/2025\/02\/van-koncert-horni-loucky-2024-1-218x300.jpg 218w\" sizes=\"auto, (max-width: 735px) 100vw, 735px\" \/><\/figure>\n\n\n\n<p><\/p>\n\n\n\n<h2 class=\"wp-block-heading\"><strong>ARCHIV<\/strong><\/h2>\n\n\n\n<p>&#8212;&#8212;&#8212;&#8212;&#8212;- 2023 &#8212;&#8212;&#8212;&#8212;&#8212;-<\/p>\n\n\n\n<h3 class=\"wp-block-heading\"><strong>Reprezenta\u010dn\u00ed ples m\u011bsta Sezimovo \u00dast\u00ed<\/strong><\/h3>\n\n\n\n<p><a href=\"https:\/\/www.kultura.sezimovo-usti.cz\/event\/205072\/reprezentacni-ples-mesta-sezimovo-usti\" target=\"_blank\" rel=\"noreferrer noopener\">14. 1. 202<\/a>3<a href=\"https:\/\/www.kultura.sezimovo-usti.cz\/event\/205072\/reprezentacni-ples-mesta-sezimovo-usti\" target=\"_blank\" rel=\"noreferrer noopener\">, 21.30, Wellness hotel MAS, Sezimovo \u00dast\u00ed<\/a><\/p>\n\n\n\n<figure class=\"wp-block-image size-full is-resized\"><img loading=\"lazy\" decoding=\"async\" width=\"453\" height=\"640\" src=\"https:\/\/www.hudci.cz\/wp-content\/uploads\/2023\/01\/cc8cd847-749f-11ed-9bbd-9e966f951e90.jpg\" alt=\"\" class=\"wp-image-130\" style=\"width:675px;height:auto\" srcset=\"https:\/\/www.hudci.cz\/wp-content\/uploads\/2023\/01\/cc8cd847-749f-11ed-9bbd-9e966f951e90.jpg 453w, https:\/\/www.hudci.cz\/wp-content\/uploads\/2023\/01\/cc8cd847-749f-11ed-9bbd-9e966f951e90-212x300.jpg 212w\" sizes=\"auto, (max-width: 453px) 100vw, 453px\" \/><\/figure>\n\n\n\n<p><\/p>\n\n\n\n<h3 class=\"wp-block-heading\"><strong>VII. Reprezenta\u010dn\u00ed ples Domova Horizont<\/strong><\/h3>\n\n\n\n<p><a href=\"https:\/\/horizontkyjov.cz\/\" data-type=\"URL\" data-id=\"https:\/\/horizontkyjov.cz\/\" target=\"_blank\" rel=\"noreferrer noopener\">21. 1. 2023, 19.00, DK, Kyjov<\/a><\/p>\n\n\n\n<figure class=\"wp-block-image size-large is-style-default\"><img loading=\"lazy\" decoding=\"async\" width=\"1024\" height=\"483\" src=\"https:\/\/www.hudci.cz\/wp-content\/uploads\/2023\/01\/pozvanka-ples-1-1024x483.jpg\" alt=\"\" class=\"wp-image-131\" srcset=\"https:\/\/www.hudci.cz\/wp-content\/uploads\/2023\/01\/pozvanka-ples-1-1024x483.jpg 1024w, https:\/\/www.hudci.cz\/wp-content\/uploads\/2023\/01\/pozvanka-ples-1-300x141.jpg 300w, https:\/\/www.hudci.cz\/wp-content\/uploads\/2023\/01\/pozvanka-ples-1-768x362.jpg 768w, https:\/\/www.hudci.cz\/wp-content\/uploads\/2023\/01\/pozvanka-ples-1-1536x724.jpg 1536w, https:\/\/www.hudci.cz\/wp-content\/uploads\/2023\/01\/pozvanka-ples-1.jpg 1654w\" sizes=\"auto, (max-width: 767px) 89vw, (max-width: 1000px) 54vw, (max-width: 1071px) 543px, 580px\" \/><\/figure>\n\n\n\n<p><\/p>\n\n\n\n<h3 class=\"wp-block-heading\"><strong>79. Ochutn\u00e1vka v\u00edn<\/strong><\/h3>\n\n\n\n<p><a rel=\"noreferrer noopener\" href=\"https:\/\/www.kdbystricenp.cz\/program\/kalendar\/ochutnavky-vin\/198-79-ochutnavka-vin\" target=\"_blank\">10. 2. 2023, 19.00, KD Byst\u0159ice nad Pern\u0161tejnem<\/a><\/p>\n\n\n\n<figure class=\"wp-block-image size-large\"><img loading=\"lazy\" decoding=\"async\" width=\"701\" height=\"1024\" src=\"https:\/\/www.hudci.cz\/wp-content\/uploads\/2023\/02\/327722297_727397558942079_2189849143577159008_n-701x1024.jpg\" alt=\"\" class=\"wp-image-142\" srcset=\"https:\/\/www.hudci.cz\/wp-content\/uploads\/2023\/02\/327722297_727397558942079_2189849143577159008_n-701x1024.jpg 701w, https:\/\/www.hudci.cz\/wp-content\/uploads\/2023\/02\/327722297_727397558942079_2189849143577159008_n-205x300.jpg 205w, https:\/\/www.hudci.cz\/wp-content\/uploads\/2023\/02\/327722297_727397558942079_2189849143577159008_n-768x1122.jpg 768w, https:\/\/www.hudci.cz\/wp-content\/uploads\/2023\/02\/327722297_727397558942079_2189849143577159008_n.jpg 1040w\" sizes=\"auto, (max-width: 701px) 100vw, 701px\" \/><\/figure>\n\n\n\n<p><\/p>\n\n\n\n<h3 class=\"wp-block-heading\"><strong>Josefsk\u00fd ko\u0161t v Kyjov\u011b<\/strong><\/h3>\n\n\n\n<p><a href=\"https:\/\/www.vinarskecentrum.cz\/o-vine\/vinarske-akce\/143246642-josefsky-kost\" data-type=\"URL\" data-id=\"https:\/\/www.vinarskecentrum.cz\/o-vine\/vinarske-akce\/143246642-josefsky-kost\">18. 3. 2023, DK, Kyjov<\/a><\/p>\n\n\n\n<figure class=\"wp-block-image size-full\"><img loading=\"lazy\" decoding=\"async\" width=\"700\" height=\"990\" src=\"https:\/\/www.hudci.cz\/wp-content\/uploads\/2023\/03\/josefsky-kost-2023.jpg\" alt=\"\" class=\"wp-image-148\" srcset=\"https:\/\/www.hudci.cz\/wp-content\/uploads\/2023\/03\/josefsky-kost-2023.jpg 700w, https:\/\/www.hudci.cz\/wp-content\/uploads\/2023\/03\/josefsky-kost-2023-212x300.jpg 212w\" sizes=\"auto, (max-width: 700px) 100vw, 700px\" \/><\/figure>\n\n\n\n<h3 class=\"wp-block-heading\"><strong>Den otev\u0159en\u00fdch   sklep\u016f Mut\u011bnice 2023<\/strong><\/h3>\n\n\n\n<p><a href=\"https:\/\/vinozmutenic.cz\/akce\/den-otevrenych-sklepu\">22. 4. 2023, Amfite\u00e1tr Pod B\u00fadama Mut\u011bnice<\/a><\/p>\n\n\n\n<figure class=\"wp-block-image size-large\"><img loading=\"lazy\" decoding=\"async\" width=\"1024\" height=\"796\" src=\"https:\/\/www.hudci.cz\/wp-content\/uploads\/2023\/04\/mutenice2023-1024x796.jpg\" alt=\"\" class=\"wp-image-152\" srcset=\"https:\/\/www.hudci.cz\/wp-content\/uploads\/2023\/04\/mutenice2023-1024x796.jpg 1024w, https:\/\/www.hudci.cz\/wp-content\/uploads\/2023\/04\/mutenice2023-300x233.jpg 300w, https:\/\/www.hudci.cz\/wp-content\/uploads\/2023\/04\/mutenice2023-768x597.jpg 768w, https:\/\/www.hudci.cz\/wp-content\/uploads\/2023\/04\/mutenice2023.jpg 1376w\" sizes=\"auto, (max-width: 767px) 89vw, (max-width: 1000px) 54vw, (max-width: 1071px) 543px, 580px\" \/><\/figure>\n\n\n\n<h3 class=\"wp-block-heading\"><strong>48. Oblastn\u00ed v\u00fdstava v\u00edn Jaroslavice 2023<\/strong><\/h3>\n\n\n\n<p><a href=\"https:\/\/www.vinarskecentrum.cz\/o-vine\/vinarske-akce\/146386817-48-oblastni-vystava-vin-jaroslavice-2023\">29. 4. 2023, Penzion u \u0160m\u00edd\u016f, Jaroslavice<\/a><\/p>\n\n\n\n<h3 class=\"wp-block-heading\"><strong><h3 class=\"wp-block-heading\"><\/h3><strong>Ko\u0161t v\u00edn ve Vina\u0159stv\u00ed P\u0159\u00edtluky<\/strong><\/strong><\/h3>\n\n\n\n<p><a href=\"https:\/\/vinarizpritluk.cz\/majovy-kost-vin\/\">6. 5. 2023, Hosp\u016fdka pod V\u011b\u017e\u00ed<\/a><\/p>\n\n\n\n<figure class=\"wp-block-image size-full is-resized\"><img loading=\"lazy\" decoding=\"async\" width=\"574\" height=\"808\" src=\"https:\/\/www.hudci.cz\/wp-content\/uploads\/2023\/05\/pritluky-kost2023-1.jpg\" alt=\"\" class=\"wp-image-157\" style=\"width:676px;height:952px\" srcset=\"https:\/\/www.hudci.cz\/wp-content\/uploads\/2023\/05\/pritluky-kost2023-1.jpg 574w, https:\/\/www.hudci.cz\/wp-content\/uploads\/2023\/05\/pritluky-kost2023-1-213x300.jpg 213w\" sizes=\"auto, (max-width: 574px) 100vw, 574px\" \/><\/figure>\n\n\n\n<h3 class=\"wp-block-heading\"><strong>Otev\u0159en\u00e9 sklepy Kyjovska<\/strong><\/h3>\n\n\n\n<p><a href=\"https:\/\/www.facebook.com\/events\/5803559086327295\">10. 6. 2023, 17.00, Pod \u0160i\u0161t\u00f3tem, Kyjo<\/a><a href=\"https:\/\/www.vinarskecentrum.cz\/o-vine\/vinarske-akce\/143246642-josefsky-kost\" data-type=\"URL\" data-id=\"https:\/\/www.vinarskecentrum.cz\/o-vine\/vinarske-akce\/143246642-josefsky-kost\">v<\/a><\/p>\n\n\n\n<figure class=\"wp-block-image size-large\"><img loading=\"lazy\" decoding=\"async\" width=\"724\" height=\"1024\" src=\"https:\/\/www.hudci.cz\/wp-content\/uploads\/2023\/03\/otevrene_sklepy_kyjovska_plakat_2023_web_zmenseny-724x1024.jpg\" alt=\"\" class=\"wp-image-149\" srcset=\"https:\/\/www.hudci.cz\/wp-content\/uploads\/2023\/03\/otevrene_sklepy_kyjovska_plakat_2023_web_zmenseny-724x1024.jpg 724w, https:\/\/www.hudci.cz\/wp-content\/uploads\/2023\/03\/otevrene_sklepy_kyjovska_plakat_2023_web_zmenseny-212x300.jpg 212w, https:\/\/www.hudci.cz\/wp-content\/uploads\/2023\/03\/otevrene_sklepy_kyjovska_plakat_2023_web_zmenseny-768x1086.jpg 768w, https:\/\/www.hudci.cz\/wp-content\/uploads\/2023\/03\/otevrene_sklepy_kyjovska_plakat_2023_web_zmenseny-1086x1536.jpg 1086w, https:\/\/www.hudci.cz\/wp-content\/uploads\/2023\/03\/otevrene_sklepy_kyjovska_plakat_2023_web_zmenseny-1448x2048.jpg 1448w, https:\/\/www.hudci.cz\/wp-content\/uploads\/2023\/03\/otevrene_sklepy_kyjovska_plakat_2023_web_zmenseny-scaled.jpg 1810w\" sizes=\"auto, (max-width: 724px) 100vw, 724px\" \/><\/figure>\n\n\n\n<h3 class=\"wp-block-heading\"><strong>Posezen\u00ed u cimb\u00e1lu<\/strong><\/h3>\n\n\n\n<p><a href=\"https:\/\/www.vinarstvi-dufek.cz\/\">17. 6. 2023, V\u00fdletn\u00ed hostinec u Srne\u010dka, Doln\u00ed V\u011bstonice<\/a><\/p>\n\n\n\n<figure class=\"wp-block-image size-large\"><img loading=\"lazy\" decoding=\"async\" width=\"1024\" height=\"630\" src=\"https:\/\/www.hudci.cz\/wp-content\/uploads\/2023\/05\/@hudci-vestonice-17-6-2023-1024x630.jpg\" alt=\"\" class=\"wp-image-162\" srcset=\"https:\/\/www.hudci.cz\/wp-content\/uploads\/2023\/05\/@hudci-vestonice-17-6-2023-1024x630.jpg 1024w, https:\/\/www.hudci.cz\/wp-content\/uploads\/2023\/05\/@hudci-vestonice-17-6-2023-300x184.jpg 300w, https:\/\/www.hudci.cz\/wp-content\/uploads\/2023\/05\/@hudci-vestonice-17-6-2023-768x472.jpg 768w, https:\/\/www.hudci.cz\/wp-content\/uploads\/2023\/05\/@hudci-vestonice-17-6-2023-1536x945.jpg 1536w, https:\/\/www.hudci.cz\/wp-content\/uploads\/2023\/05\/@hudci-vestonice-17-6-2023-2048x1259.jpg 2048w\" sizes=\"auto, (max-width: 767px) 89vw, (max-width: 1000px) 54vw, (max-width: 1071px) 543px, 580px\" \/><\/figure>\n\n\n\n<h3 class=\"wp-block-heading\"><strong>Den otev\u0159en\u00fdch sklep\u016f Vina\u0159stv\u00ed Dufek<\/strong><\/h3>\n\n\n\n<p>1<a href=\"https:\/\/www.vinarstvi-dufek.cz\/\">9. 8. 2023, 17.00, are\u00e1l Vina\u0159stv\u00ed Dufek, Svatobo\u0159ice-Mist\u0159\u00edn<\/a><\/p>\n\n\n\n<p><\/p>\n\n\n\n<h3 class=\"wp-block-heading\"><strong>Krajsk\u00e9 vinobran\u00ed a do\u017e\u00ednky na Ka\u010din\u011b<\/strong><\/h3>\n\n\n\n<p><a href=\"https:\/\/www.vinobraninakacine.cz\/\" data-type=\"URL\" data-id=\"https:\/\/www.vinobraninakacine.cz\/\">9. 9. 2023, 17.30, Z\u00e1mek Ka\u010dina u Kutn\u00e9 Hory<\/a><\/p>\n\n\n\n<figure class=\"wp-block-image size-large\"><img loading=\"lazy\" decoding=\"async\" width=\"1024\" height=\"328\" src=\"https:\/\/www.hudci.cz\/wp-content\/uploads\/2023\/05\/kacina2023-1024x328.jpg\" alt=\"\" class=\"wp-image-165\" srcset=\"https:\/\/www.hudci.cz\/wp-content\/uploads\/2023\/05\/kacina2023-1024x328.jpg 1024w, https:\/\/www.hudci.cz\/wp-content\/uploads\/2023\/05\/kacina2023-300x96.jpg 300w, https:\/\/www.hudci.cz\/wp-content\/uploads\/2023\/05\/kacina2023-768x246.jpg 768w, https:\/\/www.hudci.cz\/wp-content\/uploads\/2023\/05\/kacina2023.jpg 1422w\" sizes=\"auto, (max-width: 767px) 89vw, (max-width: 1000px) 54vw, (max-width: 1071px) 543px, 580px\" \/><\/figure>\n\n\n\n<h3 class=\"wp-block-heading\"><strong>Zab\u00edja\u010dkov\u00e9 hody<\/strong><\/h3>\n\n\n\n<p><a href=\"http:\/\/www.konibarkajov.cz\/\">14. 10. 2023, 18.00, Kobibarsk\u00e1 pivnice, K\u00e1jov<\/a><\/p>\n\n\n\n<h3 class=\"wp-block-heading\"><strong>Svatomartinsk\u00fd ko\u0161t v\u00edn 2023<\/strong><\/h3>\n\n\n\n<p><a href=\"https:\/\/www.brandysko.cz\/svatomartinsky%2Dkost%2Dvin%2D2023\/a-7862\">11. 11. 2023., 17.00, Brand\u00fds nad Labem<\/a><\/p>\n\n\n\n<figure class=\"wp-block-image size-full\"><img loading=\"lazy\" decoding=\"async\" width=\"700\" height=\"989\" src=\"https:\/\/www.hudci.cz\/wp-content\/uploads\/2023\/12\/Image.jpeg\" alt=\"\" class=\"wp-image-170\" srcset=\"https:\/\/www.hudci.cz\/wp-content\/uploads\/2023\/12\/Image.jpeg 700w, https:\/\/www.hudci.cz\/wp-content\/uploads\/2023\/12\/Image-212x300.jpeg 212w\" sizes=\"auto, (max-width: 700px) 100vw, 700px\" \/><\/figure>\n\n\n\n<h3 class=\"wp-block-heading\"><strong>Lip\u016fvsk\u00e9 hody 2023<\/strong><\/h3>\n\n\n\n<p><a href=\"https:\/\/www.lipuvka.eu\/\">18. 11. 2023., 20.00, Lip\u016fvka<\/a><\/p>\n\n\n\n<figure class=\"wp-block-image size-large\"><img loading=\"lazy\" decoding=\"async\" width=\"684\" height=\"1024\" src=\"https:\/\/www.hudci.cz\/wp-content\/uploads\/2023\/12\/Lipuvka112023-web-24-684x1024.jpg\" alt=\"\" class=\"wp-image-171\" srcset=\"https:\/\/www.hudci.cz\/wp-content\/uploads\/2023\/12\/Lipuvka112023-web-24-684x1024.jpg 684w, https:\/\/www.hudci.cz\/wp-content\/uploads\/2023\/12\/Lipuvka112023-web-24-200x300.jpg 200w, https:\/\/www.hudci.cz\/wp-content\/uploads\/2023\/12\/Lipuvka112023-web-24-768x1149.jpg 768w, https:\/\/www.hudci.cz\/wp-content\/uploads\/2023\/12\/Lipuvka112023-web-24-1026x1536.jpg 1026w, https:\/\/www.hudci.cz\/wp-content\/uploads\/2023\/12\/Lipuvka112023-web-24-1368x2048.jpg 1368w, https:\/\/www.hudci.cz\/wp-content\/uploads\/2023\/12\/Lipuvka112023-web-24.jpg 1657w\" sizes=\"auto, (max-width: 684px) 100vw, 684px\" \/><\/figure>\n\n\n\n<h3 class=\"wp-block-heading\"><strong>Posezen\u00ed u cimb\u00e1lu<\/strong><\/h3>\n\n\n\n<p><a href=\"https:\/\/tilakrestaurace.cz\/\">25. 11. 2023., 17.00, Tilak, St\u0159\u00edlky<\/a><\/p>\n\n\n\n<h3 class=\"wp-block-heading\"><strong>V\u00e1no\u010dn\u00ed koncert<\/strong><\/h3>\n\n\n\n<p><a href=\"https:\/\/www.adventnazelnaku.cz\/program\">10. 12. 2023., 17.00, Zeln\u00fd trh, Brno<\/a><\/p>\n\n\n\n<h3 class=\"wp-block-heading\"><strong>V\u00e1no\u010dn\u00ed koncert<\/strong><\/h3>\n\n\n\n<p><a href=\"https:\/\/www.hradcanyutisnova.cz\/akce\/hudci-z-kyjova-v-hornich-louckach\/\">16. 12. 2023., 19.00, Kulturn\u00ed d\u016fm, Horn\u00ed Lou\u010dky<\/a><\/p>\n\n\n\n<figure class=\"wp-block-image size-large\"><img loading=\"lazy\" decoding=\"async\" width=\"724\" height=\"1024\" src=\"https:\/\/www.hudci.cz\/wp-content\/uploads\/2023\/12\/hudci-z-kyjova-v-hornich-louckach-849x1200-1-724x1024.jpg\" alt=\"\" class=\"wp-image-172\" srcset=\"https:\/\/www.hudci.cz\/wp-content\/uploads\/2023\/12\/hudci-z-kyjova-v-hornich-louckach-849x1200-1-724x1024.jpg 724w, https:\/\/www.hudci.cz\/wp-content\/uploads\/2023\/12\/hudci-z-kyjova-v-hornich-louckach-849x1200-1-212x300.jpg 212w, https:\/\/www.hudci.cz\/wp-content\/uploads\/2023\/12\/hudci-z-kyjova-v-hornich-louckach-849x1200-1-768x1086.jpg 768w, https:\/\/www.hudci.cz\/wp-content\/uploads\/2023\/12\/hudci-z-kyjova-v-hornich-louckach-849x1200-1.jpg 849w\" sizes=\"auto, (max-width: 724px) 100vw, 724px\" \/><\/figure>\n\n\n\n<h3 class=\"wp-block-heading\"><strong>Adventn\u00ed koncert<\/strong><\/h3>\n\n\n\n<p><a href=\"https:\/\/www.zamek-kromeriz.cz\/2023\/12\/04\/adventni-koncert-hudci-z-kyjova\/\">17. 12. 2023., 16.00, Arcibiskupsk\u00fd z\u00e1mek v Krom\u011b\u0159\u00ed\u017ei<\/a><\/p>\n\n\n\n<figure class=\"wp-block-image size-full\"><img loading=\"lazy\" decoding=\"async\" width=\"724\" height=\"1024\" src=\"https:\/\/www.hudci.cz\/wp-content\/uploads\/2023\/12\/kromeriz-adventni-koncert-hudci-a3-724x1024-1.jpg\" alt=\"\" class=\"wp-image-173\" srcset=\"https:\/\/www.hudci.cz\/wp-content\/uploads\/2023\/12\/kromeriz-adventni-koncert-hudci-a3-724x1024-1.jpg 724w, https:\/\/www.hudci.cz\/wp-content\/uploads\/2023\/12\/kromeriz-adventni-koncert-hudci-a3-724x1024-1-212x300.jpg 212w\" sizes=\"auto, (max-width: 724px) 100vw, 724px\" \/><\/figure>\n\n\n\n<p><\/p>\n","protected":false},"excerpt":{"rendered":"<p>MUZIKA St\u00e1lice na folklorn\u00ed sc\u00e9n\u011b, Cimb\u00e1lov\u00e1 muzika Hudci z Kyjova, pro V\u00e1s hraje a zp\u00edv\u00e1 lidov\u00e9 a jin\u00e9 p\u00edsn\u011b v tradi\u010dn\u00ed a z\u00e1rove\u0148 neot\u0159el\u00e9 stylizaci ji\u017e 30 let. P\u0159ij\u010fte i Vy ochutnat z na\u0161eho hudebn\u00edho menu sev\u00edrovan\u00e9ho na n\u011bkter\u00e9 z ve\u0159ejn\u00fdch produkc\u00ed kapely. R\u00e1di zahrajeme pr\u00e1v\u011b tu Va\u0161i obl\u00edbenou! V tomto roce muzika slav\u00ed 30. &hellip; <\/p>\n<p class=\"link-more\"><a href=\"https:\/\/www.hudci.cz\/\" class=\"more-link\">Pokra\u010dovat ve \u010dten\u00ed<span class=\"screen-reader-text\"> &#8222;&#8220;<\/span><\/a><\/p>\n","protected":false},"author":1,"featured_media":0,"parent":0,"menu_order":0,"comment_status":"closed","ping_status":"closed","template":"","meta":{"footnotes":""},"class_list":["post-8","page","type-page","status-publish","hentry"],"_links":{"self":[{"href":"https:\/\/www.hudci.cz\/index.php?rest_route=\/wp\/v2\/pages\/8","targetHints":{"allow":["GET"]}}],"collection":[{"href":"https:\/\/www.hudci.cz\/index.php?rest_route=\/wp\/v2\/pages"}],"about":[{"href":"https:\/\/www.hudci.cz\/index.php?rest_route=\/wp\/v2\/types\/page"}],"author":[{"embeddable":true,"href":"https:\/\/www.hudci.cz\/index.php?rest_route=\/wp\/v2\/users\/1"}],"replies":[{"embeddable":true,"href":"https:\/\/www.hudci.cz\/index.php?rest_route=%2Fwp%2Fv2%2Fcomments&post=8"}],"version-history":[{"count":79,"href":"https:\/\/www.hudci.cz\/index.php?rest_route=\/wp\/v2\/pages\/8\/revisions"}],"predecessor-version":[{"id":297,"href":"https:\/\/www.hudci.cz\/index.php?rest_route=\/wp\/v2\/pages\/8\/revisions\/297"}],"wp:attachment":[{"href":"https:\/\/www.hudci.cz\/index.php?rest_route=%2Fwp%2Fv2%2Fmedia&parent=8"}],"curies":[{"name":"wp","href":"https:\/\/api.w.org\/{rel}","templated":true}]}}